{"id":11067,"date":"2025-04-23T10:57:00","date_gmt":"2025-04-23T13:57:00","guid":{"rendered":"https:\/\/floripaquilt.com.br\/2025\/?page_id=11067"},"modified":"2025-04-25T22:20:21","modified_gmt":"2025-04-26T01:20:21","slug":"programacao-geral","status":"publish","type":"page","link":"https:\/\/floripaquilt.com.br\/2025\/programacao-geral\/","title":{"rendered":"PROGRAMA\u00c7\u00c3O GERAL"},"content":{"rendered":"\n<div style=\"height:45px\" aria-hidden=\"true\" class=\"wp-block-spacer\"><\/div>\n\n\n\n<p class=\"has-black-color has-text-color has-link-color has-normal-font-size wp-elements-1 wp-block-paragraph\"><strong><u>SESC CACUP\u00c9<\/u><\/strong><\/p>\n\n\n\n<div style=\"height:45px\" aria-hidden=\"true\" class=\"wp-block-spacer\"><\/div>\n\n\n\n<p class=\"has-black-color has-text-color has-link-color has-normal-font-size wp-elements-2 wp-block-paragraph\"><strong>28\/04\/2025 (segunda)<\/strong><\/p>\n\n\n\n<p class=\"has-black-color has-text-color has-link-color has-normal-font-size wp-elements-3 wp-block-paragraph\"><strong>8 \u00e0s 20h<\/strong> \u2013 Julgamento dos Concursos (Quilts, Arte T\u00eaxtil e Bonecas de Pano)<\/p>\n\n\n\n<div style=\"height:85px\" aria-hidden=\"true\" class=\"wp-block-spacer\"><\/div>\n\n\n\n<p class=\"has-black-color has-text-color has-link-color has-normal-font-size wp-elements-4 wp-block-paragraph\"><strong>29\/04\/2025 (ter\u00e7a)<\/strong><\/p>\n\n\n\n<p class=\"has-black-color has-text-color has-link-color has-normal-font-size wp-elements-5 wp-block-paragraph\"><strong>8 \u00e0s 20h<\/strong> \u2013 Julgamento dos Concursos (Quilts, Arte T\u00eaxtil e Bonecas de Pano)<\/p>\n\n\n\n<p class=\"has-black-color has-text-color has-link-color has-normal-font-size wp-elements-6 wp-block-paragraph\"><strong>14 \u00e0s 20h<\/strong> \u2013 Cursos e Oficinas (informa\u00e7\u00f5es <a href=\"https:\/\/floripaquilt.com.br\/2025\/cursos-e-oficinas\/\" target=\"_blank\" rel=\"noreferrer noopener\">clique aqui<\/a>)<\/p>\n\n\n\n<div style=\"height:85px\" aria-hidden=\"true\" class=\"wp-block-spacer\"><\/div>\n\n\n\n<p class=\"has-black-color has-text-color has-link-color has-normal-font-size wp-elements-7 wp-block-paragraph\"><strong>30\/04\/2025 (quarta)<\/strong><\/p>\n\n\n\n<p class=\"has-black-color has-text-color has-link-color has-normal-font-size wp-elements-8 wp-block-paragraph\"><strong>8 \u00e0s 20h<\/strong> \u2013 Cursos e Oficinas (informa\u00e7\u00f5es <a href=\"https:\/\/floripaquilt.com.br\/2025\/cursos-e-oficinas\/\" target=\"_blank\" rel=\"noreferrer noopener\">clique aqui<\/a>)<\/p>\n\n\n\n<p class=\"has-black-color has-text-color has-link-color has-normal-font-size wp-elements-9 wp-block-paragraph\"><strong>11h<\/strong> \u2013 Cerim\u00f4nia de Abertura com apresenta\u00e7\u00e3o cultural (<strong>RENDEIRAS DA ILHA<\/strong>)<\/p>\n\n\n\n<p class=\"has-black-color has-text-color has-link-color has-normal-font-size wp-elements-10 wp-block-paragraph\"><strong>11 \u00e0s 18h<\/strong> \u2013 <strong>Feira<\/strong> de Produtos e M\u00e1quinas<\/p>\n\n\n\n<p class=\"has-black-color has-text-color has-link-color has-normal-font-size wp-elements-11 wp-block-paragraph\"><strong>11 \u00e0s 18h<\/strong> \u2013 <strong>Exposi\u00e7\u00f5es:<\/strong> RETALHOS \u2013 UMA COSTURA DE MOMENTO, SARAH LUISE KAMINSKI, LUGAR ONDE VIVO \u2013 CAUSOS E PERSONAGENS, CASAS A\u00c7ORIANAS, CORS\u00c9 \u2013 MAIS QUE UMA VESTIMENTA, CONCURSOS<\/p>\n\n\n\n<p class=\"has-black-color has-text-color has-link-color has-normal-font-size wp-elements-12 wp-block-paragraph\"><strong>11 \u00e0s 17h<\/strong> \u2013 Aula Demonstrativa Gratuita (<strong>SASHICO<\/strong> \u2013 Grupo Nipocultura)<\/p>\n\n\n\n<p class=\"has-black-color has-text-color has-link-color has-normal-font-size wp-elements-13 wp-block-paragraph\"><strong>13:30 \u00e0s 14:30h<\/strong> \u2013 Aula Demonstrativa Gratuita &#8211; Espa\u00e7o Bonecar \u2013 <strong>MODELAGEM DE UMA CABE\u00c7A DE BONECA NO ESTILO SOFT<\/strong>, com M\u00e1rcia Imbrois da Oficina da Malu<\/p>\n\n\n\n<p class=\"has-black-color has-text-color has-link-color has-normal-font-size wp-elements-14 wp-block-paragraph\"><strong>13:30 as 14:30h<\/strong> \u2013 Aula Demonstrativa Gratuita \u2013 Espa\u00e7o Arte T\u00eaxtil \u2013 <strong>CRAZY<\/strong>, com Adriana Sleutejes<\/p>\n\n\n\n<p class=\"has-black-color has-text-color has-link-color wp-elements-15 wp-block-paragraph\"><strong>14 \u00e0s 16h<\/strong> \u2013 Oficina Gratuita \u2013 Sala 4 \u2013 <strong>CROCH\u00ca<\/strong> (20 vagas \u2013 inscri\u00e7\u00e3o 1 hora antes por ordem de chegada) com Amorino Fios<\/p>\n\n\n\n<p class=\"has-black-color has-text-color has-link-color has-normal-font-size wp-elements-16 wp-block-paragraph\"><strong>15h<\/strong> \u2013 <strong>Roda de Conversa \u2013 ARTE T\u00caXTIL VEST\u00cdVEL<\/strong> \u2013 Convidadas: Adriana Sleutejes, Mara R\u00fabia Sant&#8217;Anna, Neide Schulte, Adriana Montanheiro<\/p>\n\n\n\n<p class=\"has-black-color has-text-color has-link-color has-normal-font-size wp-elements-17 wp-block-paragraph\"><strong>15 \u00e0s 15:30h<\/strong> \u2013 Aula Demonstrativa Gratuita &#8211; Espa\u00e7o Bonecar \u2013 ROSTINHO E CABELO DE BONECA, com Day Carlson do Atelier Cora\u00e7\u00e3o de Pano<\/p>\n\n\n\n<p class=\"has-black-color has-text-color has-link-color has-normal-font-size wp-elements-18 wp-block-paragraph\"><strong>15 \u00e0s 15:40h<\/strong> \u2013 Aula Demonstrativa Gratuita &#8211; Espa\u00e7o Arte T\u00eaxtil \u2013 <strong>BOLAS Y FORMAS<\/strong> (feltragem), com Marisol Romero do Atelier Marisol R. Atelier<\/p>\n\n\n\n<p class=\"has-black-color has-text-color has-link-color has-normal-font-size wp-elements-19 wp-block-paragraph\"><strong>16 \u00e0s 16:40h<\/strong> \u2013 Aula Demonstrativa Gratuita &#8211; Espa\u00e7o Bonecar \u2013 <strong>INTRODU\u00c7\u00c3O AO M\u00c9TODO DE PINTURA DE ROSTINHOS DE BONECAS<\/strong>, com Naiara Ferrarin do Nanica Ateli\u00ea<\/p>\n\n\n\n<p class=\"has-black-color has-text-color has-link-color has-normal-font-size wp-elements-20 wp-block-paragraph\"><strong>16:30h<\/strong> \u2013 Lan\u00e7amento do livro <strong>ZANG\u00c3O ZEZ\u00c9<\/strong>, com a presen\u00e7a da escritora Rosane Cordeiro<\/p>\n\n\n\n<p class=\"has-black-color has-text-color has-link-color has-normal-font-size wp-elements-21 wp-block-paragraph\"><strong>17h<\/strong> \u2013 <strong>Cerim\u00f4nia de Premia\u00e7\u00e3o dos Concursos (QUILTS, ARTE T\u00caXTIL E BONECAS DE PANO)<\/strong><\/p>\n\n\n\n<div style=\"height:85px\" aria-hidden=\"true\" class=\"wp-block-spacer\"><\/div>\n\n\n\n<p class=\"has-black-color has-text-color has-link-color has-normal-font-size wp-elements-22 wp-block-paragraph\"><strong>01\/05\/2025 &#8211; (quinta)<\/strong><\/p>\n\n\n\n<p class=\"has-black-color has-text-color has-link-color has-normal-font-size wp-elements-23 wp-block-paragraph\"><strong>8 \u00e0s 20h<\/strong> \u2013 Cursos e Oficinas (informa\u00e7\u00f5es <a href=\"https:\/\/floripaquilt.com.br\/2025\/cursos-e-oficinas\/\" target=\"_blank\" rel=\"noreferrer noopener\">clique aqui<\/a>)<\/p>\n\n\n\n<p class=\"has-black-color has-text-color has-link-color has-normal-font-size wp-elements-24 wp-block-paragraph\"><strong>11h<\/strong> \u2013 Apresenta\u00e7\u00e3o cultural (<strong>GRUPO AMIGOS DO TEMPO<\/strong> \u2013 Coordena\u00e7\u00e3o de Luiz Carlos Senna &#8211; Repert\u00f3rio de m\u00fasicas de Florian\u00f3polis)<\/p>\n\n\n\n<p class=\"has-black-color has-text-color has-link-color has-normal-font-size wp-elements-25 wp-block-paragraph\"><strong>11 \u00e0s 18h<\/strong> \u2013 <strong>Feira<\/strong> de Produtos e M\u00e1quinas<\/p>\n\n\n\n<p class=\"has-black-color has-text-color has-link-color has-normal-font-size wp-elements-26 wp-block-paragraph\"><strong>11 \u00e0s 18h<\/strong> \u2013 <strong>Exposi\u00e7\u00f5es<\/strong>: RETALHOS \u2013 UMA COSTURA DE MOMENTO, SARAH LUISE KAMINSKI, LUGAR ONDE VIVO \u2013 CAUSOS E PERSONAGENS, CASAS A\u00c7ORIANAS, CORS\u00c9 \u2013 MAIS QUE UMA VESTIMENTA, CONCURSOS<\/p>\n\n\n\n<p class=\"has-black-color has-text-color has-link-color has-normal-font-size wp-elements-27 wp-block-paragraph\"><strong>11 \u00e0s 14h<\/strong> \u2013 Demonstra\u00e7\u00e3o de <strong>tear<\/strong>, com a artista <strong>ELKE HULSE<\/strong>.<\/p>\n\n\n\n<p class=\"has-black-color has-text-color has-link-color has-normal-font-size wp-elements-28 wp-block-paragraph\"><strong>11 \u00e0s 12h<\/strong> \u2013 Oficina Gratuita Infantil &#8211; Espa\u00e7o Bonecar \u2013 <strong>OFICINA DE BONECOS(AS) PARA CRIAN\u00c7AS<\/strong> (10 vagas \u2013 inscri\u00e7\u00e3o 1 hora antes por ordem de chegada) com Naiara Ferrarin do Nanica Ateli\u00ea<\/p>\n\n\n\n<p class=\"has-black-color has-text-color has-link-color wp-elements-29 wp-block-paragraph\"><strong>13 \u00e0s 13:40h<\/strong> \u2013 Aula Demonstrativa Gratuita &#8211; Espa\u00e7o Bonecar \u2013 <strong>CABELO TILDA<\/strong>, com Paula Adriana do Art\u2019Minha Atelier<\/p>\n\n\n\n<p class=\"has-black-color has-text-color has-link-color has-normal-font-size wp-elements-30 wp-block-paragraph\"><strong>14 \u00e0s 18h<\/strong> \u2013 Aula Demonstrativa Gratuita (<strong>SASHICO<\/strong> \u2013 Grupo Nipocultura)<\/p>\n\n\n\n<p class=\"has-black-color has-text-color has-link-color has-normal-font-size wp-elements-31 wp-block-paragraph\"><strong>14 \u00e0s 14:40h<\/strong> \u2013 Aula Demonstrativa Gratuita &#8211; Espa\u00e7o Bonecar \u2013 <strong>ROSTINHO E CABELO DE BONECA<\/strong>, com Day Carlson do Atelier Cora\u00e7\u00e3o de Pano<\/p>\n\n\n\n<p class=\"has-black-color has-text-color has-link-color has-normal-font-size wp-elements-32 wp-block-paragraph\"><strong>15 \u00e0s 16h<\/strong> \u2013 <strong>Roda de conversa \u2013 BONECAR<\/strong> \u2013 Convidadas: Bonequeiras Expositoras Floripa Quilt 2025<\/p>\n\n\n\n<p class=\"has-black-color has-text-color has-link-color has-normal-font-size wp-elements-33 wp-block-paragraph\"><strong>15 \u00e0s 16h<\/strong> &#8211; Aula Demonstrativa Gratuita \u2013 Espa\u00e7o Arte T\u00eaxtil \u2013 <strong>LOG CABIN<\/strong>, com J\u00fania Pereira<\/p>\n\n\n\n<p class=\"has-black-color has-text-color has-link-color has-normal-font-size wp-elements-34 wp-block-paragraph\"><strong>16 \u00e0s 16:40h<\/strong> \u2013 Aula Demonstrativa Gratuita &#8211; Espa\u00e7o Bonecar \u2013 <strong>ROSTINHO MODELADO F\u00c1CIL<\/strong>, com Viviane Santos do Bonecas da Vivi<\/p>\n\n\n\n<p class=\"has-black-color has-text-color has-link-color has-normal-font-size wp-elements-35 wp-block-paragraph\"><strong>18h<\/strong> \u2013 <strong>Visita guiada<\/strong> \u00e0 Casa de Cultura, em Santo Ant\u00f4nio de Lisboa, <strong>Exposi\u00e7\u00e3o IMAGINANCIAS SUL AMERICANAS<\/strong><\/p>\n\n\n\n<div style=\"height:85px\" aria-hidden=\"true\" class=\"wp-block-spacer\"><\/div>\n\n\n\n<p class=\"has-black-color has-text-color has-link-color has-normal-font-size wp-elements-36 wp-block-paragraph\"><strong>02\/05\/2025 \u2013 (sexta)<\/strong><\/p>\n\n\n\n<p class=\"has-black-color has-text-color has-link-color has-normal-font-size wp-elements-37 wp-block-paragraph\"><strong>8 \u00e0s 21h<\/strong> \u2013 Cursos e Oficinas (informa\u00e7\u00f5es <a href=\"https:\/\/floripaquilt.com.br\/2025\/cursos-e-oficinas\/\" target=\"_blank\" rel=\"noreferrer noopener\">clique aqui<\/a>)<\/p>\n\n\n\n<p class=\"has-black-color has-text-color has-link-color has-normal-font-size wp-elements-38 wp-block-paragraph\"><strong>11 \u00e0s 18h<\/strong> \u2013 <strong>Feira<\/strong> de Produtos e M\u00e1quinas<\/p>\n\n\n\n<p class=\"has-black-color has-text-color has-link-color has-normal-font-size wp-elements-39 wp-block-paragraph\"><strong>11 \u00e0s 18h<\/strong> \u2013 <strong>Exposi\u00e7\u00f5es<\/strong>: RETALHOS \u2013 UMA COSTURA DE MOMENTO, SARAH LUISE KAMINSKI, LUGAR ONDE VIVO \u2013 CAUSOS E PERSONAGENS, CASAS A\u00c7ORIANAS, CORS\u00c9 \u2013 MAIS QUE UMA VESTIMENTA, CONCURSOS<\/p>\n\n\n\n<p class=\"has-black-color has-text-color has-link-color wp-elements-40 wp-block-paragraph\"><strong>11 \u00e0s 14h<\/strong> \u2013 Demonstra\u00e7\u00e3o (<strong>BAINHAS ABERTAS e BORDADO \u00c0 M\u00c0QUINA<\/strong> \u2013 Escola Profissional Feminina de S\u00e3o Jos\u00e9)<\/p>\n\n\n\n<p class=\"has-black-color has-text-color has-link-color has-normal-font-size wp-elements-41 wp-block-paragraph\"><strong>13 \u00e0s 13:40h<\/strong> \u2013 Aula Demonstrativa Gratuita &#8211; Espa\u00e7o Bonecar \u2013 <strong>DOIS SEGREDINHOS PARA DEIXAR OS PESCO\u00c7OS DE SUAS BONECAS FIRMES<\/strong>, com Lilian Cavalari da Lilian Atelier<\/p>\n\n\n\n<p class=\"has-black-color has-text-color has-link-color wp-elements-42 wp-block-paragraph\"><strong>13 \u00e0s 14h<\/strong> \u2013 Aula Demonstrativa Gratuita &#8211; Espa\u00e7o Arte T\u00eaxtil \u2013 <strong>FOUNDATION<\/strong>, com Lizete Horn<\/p>\n\n\n\n<p class=\"has-black-color has-text-color has-link-color has-normal-font-size wp-elements-43 wp-block-paragraph\"><strong>14 \u00e0s 15h<\/strong> \u2013 <strong>Roda de Conversa \u2013 CONVERSA DE COMADRE<\/strong> \u2013 Convidadas: Michele Menezes Weickert, Fabiane Ribeiro<\/p>\n\n\n\n<p class=\"has-black-color has-text-color has-link-color has-normal-font-size wp-elements-44 wp-block-paragraph\"><strong>14 \u00e0s 15h<\/strong> \u2013 Aula Demonstrativa Gratuita &#8211; Espa\u00e7o Bonecar \u2013 <strong>PINTURA DE ROSTINHO \u2013 GUIA PR\u00c1TICO PARA COME\u00c7AR<\/strong>, com N\u00e9lida Menezes do Atelier Tutuka Baby<\/p>\n\n\n\n<p class=\"has-black-color has-text-color has-link-color wp-elements-45 wp-block-paragraph\"><strong>14:30 \u00e0s 17:30h<\/strong> \u2013 Aula Demonstrativa Gratuita (<strong>SASHICO<\/strong> \u2013 Grupo Nipocultura)<\/p>\n\n\n\n<p class=\"has-black-color has-text-color has-link-color has-normal-font-size wp-elements-46 wp-block-paragraph\"><strong>15 \u00e0s 16h<\/strong> \u2013 Aula Demonstrativa Gratuita &#8211; Espa\u00e7o Bonecar \u2013 <strong>URSINHO ALFINETEIRO<\/strong>, com Valeska Fraga da Tissu Studio<\/p>\n\n\n\n<p class=\"has-black-color has-text-color has-link-color has-normal-font-size wp-elements-47 wp-block-paragraph\"><strong>15 \u00e0s 17h<\/strong> \u2013 Oficina Gratuita \u2013 Espa\u00e7o Arte T\u00eaxtil \u2013 <strong>CROCH\u00ca<\/strong> (10 vagas \u2013 inscri\u00e7\u00e3o 1 hora antes por ordem de chegada) com Amorino Fios<\/p>\n\n\n\n<p class=\"has-black-color has-text-color has-link-color has-normal-font-size wp-elements-48 wp-block-paragraph\"><strong>16 \u00e0s 17h<\/strong> \u2013 Aula Demonstrativa Gratuita \u2013 Espa\u00e7o Bonecar \u2013 <strong>DEMONSTRA\u00c7\u00c3O DOS ACABAMENTOS DO BROCHE DOLL<\/strong>, com M\u00e1rcio Massad do Pequeno Massad<\/p>\n\n\n\n<div style=\"height:85px\" aria-hidden=\"true\" class=\"wp-block-spacer\"><\/div>\n\n\n\n<p class=\"has-black-color has-text-color has-link-color has-normal-font-size wp-elements-49 wp-block-paragraph\"><strong>03\/05\/2025 \u2013 (s\u00e1bado)<\/strong><\/p>\n\n\n\n<p class=\"has-black-color has-text-color has-link-color has-normal-font-size wp-elements-50 wp-block-paragraph\"><strong>8 \u00e0s 17h<\/strong> \u2013 Cursos e Oficinas (informa\u00e7\u00f5es <a href=\"https:\/\/floripaquilt.com.br\/2025\/cursos-e-oficinas\/\" target=\"_blank\" rel=\"noreferrer noopener\">clique aqui<\/a>)<\/p>\n\n\n\n<p class=\"has-black-color has-text-color has-link-color has-normal-font-size wp-elements-51 wp-block-paragraph\"><strong>11 \u00e0s 18h<\/strong> \u2013 <strong>Feira<\/strong> de Produtos e M\u00e1quinas<\/p>\n\n\n\n<p class=\"has-black-color has-text-color has-link-color has-normal-font-size wp-elements-52 wp-block-paragraph\"><strong>11 \u00e0s 18h<\/strong> \u2013 <strong>Exposi\u00e7\u00f5es<\/strong>: RETALHOS \u2013 UMA COSTURA DE MOMENTO, SARAH LUISE KAMINSKI, LUGAR ONDE VIVO \u2013 CAUSOS E PERSONAGENS, CASAS A\u00c7ORIANAS, CORS\u00c9 \u2013 MAIS QUE UMA VESTIMENTA, CONCURSOS<\/p>\n\n\n\n<p class=\"has-black-color has-text-color has-link-color has-normal-font-size wp-elements-53 wp-block-paragraph\"><strong>11:00 \u00e0s 12:00h<\/strong> \u2013 Oficina Gratuita &#8211; Espa\u00e7o Arte T\u00eaxtil \u2013 <strong>OFICINA INFANTIL GRAMPINHO ROSINHAS DA TILDA<\/strong> (10 vagas \u2013 inscri\u00e7\u00e3o 1 hora antes por ordem de chegada), com Paula Adriana do Art\u2019Minha Atelier<\/p>\n\n\n\n<p class=\"has-black-color has-text-color has-link-color has-normal-font-size wp-elements-54 wp-block-paragraph\"><strong>11 \u00e0s 17h<\/strong> &#8211; Demonstra\u00e7\u00e3o com as <strong>RENDEIRAS DA ILHA<\/strong><\/p>\n\n\n\n<p class=\"has-black-color has-text-color has-link-color has-normal-font-size wp-elements-55 wp-block-paragraph\"><strong>11 \u00e0s 17h<\/strong> &#8211; Bordando com as <strong>ARTEIRAS DO SOMAR<\/strong> (Garopaba)<\/p>\n\n\n\n<p class=\"has-black-color has-text-color has-link-color wp-elements-56 wp-block-paragraph\"><strong>13 \u00e0s 14h<\/strong> \u2013 Oficina Gratuita \u2013 Espa\u00e7o Bonecar &#8211; <strong>BONECA ALFINETEIRO<\/strong>, com Marine Heil (10 vagas \u2013 inscri\u00e7\u00e3o 1 hora antes por ordem de chegada)<\/p>\n\n\n\n<p class=\"has-black-color has-text-color has-link-color has-normal-font-size wp-elements-57 wp-block-paragraph\"><strong>14 \u00e0s 17h<\/strong> \u2013 Oficina Gratuita \u2013 Sala 4 \u2013 <strong>CROCH\u00ca<\/strong> (20 vagas \u2013 inscri\u00e7\u00e3o 1 hora antes por ordem de chegada) com Amorino Fios<\/p>\n\n\n\n<p class=\"has-black-color has-text-color has-link-color has-normal-font-size wp-elements-58 wp-block-paragraph\"><strong>14:30 \u00e0s 15:30h<\/strong> \u2013 Aula Demonstrativa Gratuita &#8211; Espa\u00e7o Bonecar \u2013 <strong>MONTAGEM DE UMA BONECA ARTICULADA<\/strong>, com Viviane Santos do Bonecas da Vivi<\/p>\n\n\n\n<p class=\"has-black-color has-text-color has-link-color has-normal-font-size wp-elements-59 wp-block-paragraph\"><strong>15 \u00e0s 16h<\/strong> \u2013 <strong>Roda de Conversa \u2013 DO TRADICIONAL AO ART\u00cdSTICO<\/strong>, convidadas: Sandra Makowiecky, Elke Hulse, Vicky D\u2019Alto, Anemari Schefer<\/p>\n\n\n\n<p class=\"has-black-color has-text-color has-link-color has-normal-font-size wp-elements-60 wp-block-paragraph\"><strong>18h<\/strong> \u2013 <strong>Cerim\u00f4nia de Encerramento<\/strong><\/p>\n\n\n\n<div style=\"height:85px\" aria-hidden=\"true\" class=\"wp-block-spacer\"><\/div>\n\n\n\n<p class=\"has-black-color has-text-color has-link-color has-normal-font-size wp-elements-61 wp-block-paragraph\"><strong><u>EVENTOS PARALELOS<\/u><\/strong><\/p>\n\n\n\n<div style=\"height:45px\" aria-hidden=\"true\" class=\"wp-block-spacer\"><\/div>\n\n\n\n<p class=\"has-black-color has-text-color has-link-color has-normal-font-size wp-elements-62 wp-block-paragraph\"><strong>Exposi\u00e7\u00e3o LAS BALCONADAS<\/strong><\/p>\n\n\n\n<p class=\"has-black-color has-text-color has-link-color has-normal-font-size wp-elements-63 wp-block-paragraph\">Local: ESPA\u00c7O CULTURAL PRIMAVERA, SC 401, 4100 \u2013 SACO GRANDE<\/p>\n\n\n\n<p class=\"has-black-color has-text-color has-link-color has-normal-font-size wp-elements-64 wp-block-paragraph\">Quando: 24\/04 A 06\/05, DAS 8 \u00c0S 23H<\/p>\n\n\n\n<div style=\"height:45px\" aria-hidden=\"true\" class=\"wp-block-spacer\"><\/div>\n\n\n\n<p class=\"has-black-color has-text-color has-link-color has-normal-font-size wp-elements-65 wp-block-paragraph\"><strong>Exposi\u00e7\u00e3o VOZES DA FLORESTA<\/strong><\/p>\n\n\n\n<p class=\"has-black-color has-text-color has-link-color has-normal-font-size wp-elements-66 wp-block-paragraph\">Local: CASAR\u00c3O DA ABS, ROD. GILSON DA COSTA XAVIER, 3000 &#8211; SAMBAQUI<\/p>\n\n\n\n<p class=\"has-black-color has-text-color has-link-color has-normal-font-size wp-elements-67 wp-block-paragraph\">Quando: 27\/04 A 26\/05, DAS 13 \u00c0S 17H, DE TER\u00c7A A DOMINGO<\/p>\n\n\n\n<div style=\"height:45px\" aria-hidden=\"true\" class=\"wp-block-spacer\"><\/div>\n\n\n\n<p class=\"has-black-color has-text-color has-link-color has-normal-font-size wp-elements-68 wp-block-paragraph\"><strong>Exposi\u00e7\u00e3o AS CATARINAS E SUAS TAPE\u00c7ARIAS<\/strong><\/p>\n\n\n\n<p class=\"has-black-color has-text-color has-link-color has-normal-font-size wp-elements-69 wp-block-paragraph\">Local: ESPA\u00c7O CINE PARADIGMA, SC 401, 8600 \u2013 SANTO ANT\u00d4NIO DE LISBOA<\/p>\n\n\n\n<p class=\"has-black-color has-text-color has-link-color has-normal-font-size wp-elements-70 wp-block-paragraph\">Quando: 30\/04 A 30\/05, DAS 11 \u00c0S 20H<\/p>\n\n\n\n<div style=\"height:45px\" aria-hidden=\"true\" class=\"wp-block-spacer\"><\/div>\n\n\n\n<p class=\"has-black-color has-text-color has-link-color has-normal-font-size wp-elements-71 wp-block-paragraph\">Exposi\u00e7\u00e3o <strong>VESTIMENTAS POR UMA ARTISTA T\u00caXTIL<\/strong><\/p>\n\n\n\n<p class=\"has-black-color has-text-color has-link-color has-normal-font-size wp-elements-72 wp-block-paragraph\">Local: GALERIA DE ARTE DE SAMBAQUI, ROD. GILSON DA COSTA XAVIER, 1384 &#8211; SAMBAQUI<\/p>\n\n\n\n<p class=\"has-black-color has-text-color has-link-color has-normal-font-size wp-elements-73 wp-block-paragraph\">Quando: 30\/04 A 04\/05, DAS 10 \u00c0S 17:30H<\/p>\n\n\n\n<div style=\"height:45px\" aria-hidden=\"true\" class=\"wp-block-spacer\"><\/div>\n\n\n\n<p class=\"has-black-color has-text-color has-link-color has-normal-font-size wp-elements-74 wp-block-paragraph\">Exposi\u00e7\u00e3o <strong>IMAGINANCIAS SUL AMERICANAS<\/strong><\/p>\n\n\n\n<p class=\"has-black-color has-text-color has-link-color has-normal-font-size wp-elements-75 wp-block-paragraph\">Local: CASA DE CULTURA D. CLARA MANSO DE AVELAR, RUA C\u00d4NEGO SERPA ESQUINA COM RUA OSNI BARBATO &#8211; AO LADO DA PRA\u00c7A \u2013 SANTO ANT\u00d4NIO DE LISBOA<\/p>\n\n\n\n<p class=\"has-black-color has-text-color has-link-color has-normal-font-size wp-elements-76 wp-block-paragraph\">Quando: 30\/04 A 04\/05, DAS 11 \u00c0S 19H<\/p>\n\n\n\n<p class=\"has-link-color has-normal-font-size wp-elements-77 wp-block-paragraph\"><\/p>\n","protected":false},"excerpt":{"rendered":"<p>SESC CACUP\u00c9 28\/04\/2025 (segunda) 8 \u00e0s 20h \u2013 Julgamento dos Concursos (Quilts, Arte T\u00eaxtil e Bonecas de Pano) 29\/04\/2025 (ter\u00e7a) 8 \u00e0s 20h \u2013 Julgamento dos Concursos (Quilts, Arte T\u00eaxtil e Bonecas de Pano) 14 \u00e0s 20h \u2013 Cursos e Oficinas (informa\u00e7\u00f5es clique aqui) 30\/04\/2025 (quarta) 8 \u00e0s 20h \u2013 Cursos e Oficinas (informa\u00e7\u00f5es clique aqui) 11h \u2013 Cerim\u00f4nia de Abertura com apresenta\u00e7\u00e3o cultural (RENDEIRAS DA ILHA) 11 \u00e0s 18h \u2013 Feira de Produtos e M\u00e1quinas 11 \u00e0s 18h \u2013 Exposi\u00e7\u00f5es: RETALHOS \u2013 UMA COSTURA DE MOMENTO, SARAH LUISE KAMINSKI, LUGAR ONDE VIVO \u2013 CAUSOS E PERSONAGENS, CASAS A\u00c7ORIANAS, CORS\u00c9 \u2013 MAIS QUE UMA VESTIMENTA, CONCURSOS 11 \u00e0s 17h \u2013 Aula Demonstrativa Gratuita (SASHICO \u2013 Grupo Nipocultura) 13:30 \u00e0s 14:30h \u2013 Aula Demonstrativa Gratuita &#8211; Espa\u00e7o Bonecar \u2013 MODELAGEM DE UMA CABE\u00c7A DE BONECA NO ESTILO SOFT, com M\u00e1rcia Imbrois da Oficina da Malu 13:30 as 14:30h \u2013 Aula Demonstrativa Gratuita \u2013 Espa\u00e7o Arte T\u00eaxtil \u2013 CRAZY, com Adriana Sleutejes 14 \u00e0s 16h \u2013 Oficina Gratuita \u2013 Sala 4 \u2013 CROCH\u00ca (20 vagas \u2013 inscri\u00e7\u00e3o 1 hora antes por ordem de chegada) com Amorino Fios 15h \u2013 Roda de Conversa \u2013 ARTE T\u00caXTIL VEST\u00cdVEL \u2013 Convidadas: Adriana Sleutejes, Mara R\u00fabia Sant&#8217;Anna, Neide Schulte, Adriana Montanheiro 15 \u00e0s 15:30h \u2013 Aula Demonstrativa Gratuita &#8211; Espa\u00e7o Bonecar \u2013 ROSTINHO E CABELO DE BONECA, com Day Carlson do Atelier Cora\u00e7\u00e3o de Pano 15 \u00e0s 15:40h \u2013 Aula Demonstrativa Gratuita &#8211; Espa\u00e7o Arte T\u00eaxtil \u2013 BOLAS Y FORMAS (feltragem), com Marisol Romero do Atelier Marisol R. Atelier 16 \u00e0s 16:40h \u2013 Aula Demonstrativa Gratuita &#8211; Espa\u00e7o Bonecar \u2013 INTRODU\u00c7\u00c3O AO M\u00c9TODO DE PINTURA DE ROSTINHOS DE BONECAS, com Naiara Ferrarin do Nanica Ateli\u00ea 16:30h \u2013 Lan\u00e7amento do livro ZANG\u00c3O ZEZ\u00c9, com a presen\u00e7a da escritora Rosane Cordeiro 17h \u2013 Cerim\u00f4nia de Premia\u00e7\u00e3o dos Concursos (QUILTS, ARTE T\u00caXTIL E BONECAS DE PANO) 01\/05\/2025 &#8211; (quinta) 8 \u00e0s 20h \u2013 Cursos e Oficinas (informa\u00e7\u00f5es clique aqui) 11h \u2013 Apresenta\u00e7\u00e3o cultural (GRUPO AMIGOS DO TEMPO \u2013 Coordena\u00e7\u00e3o de Luiz Carlos Senna &#8211; Repert\u00f3rio de m\u00fasicas de Florian\u00f3polis) 11 \u00e0s 18h \u2013 Feira de Produtos e M\u00e1quinas 11 \u00e0s 18h \u2013 Exposi\u00e7\u00f5es: RETALHOS \u2013 UMA COSTURA DE MOMENTO, SARAH LUISE KAMINSKI, LUGAR ONDE VIVO \u2013 CAUSOS E PERSONAGENS, CASAS A\u00c7ORIANAS, CORS\u00c9 \u2013 MAIS QUE UMA VESTIMENTA, CONCURSOS 11 \u00e0s 14h \u2013 Demonstra\u00e7\u00e3o de tear, com a artista ELKE HULSE. 11 \u00e0s 12h \u2013 Oficina Gratuita Infantil &#8211; Espa\u00e7o Bonecar \u2013 OFICINA DE BONECOS(AS) PARA CRIAN\u00c7AS (10 vagas \u2013 inscri\u00e7\u00e3o 1 hora antes por ordem de chegada) com Naiara Ferrarin do Nanica Ateli\u00ea 13 \u00e0s 13:40h \u2013 Aula Demonstrativa Gratuita &#8211; Espa\u00e7o Bonecar \u2013 CABELO TILDA, com Paula Adriana do Art\u2019Minha Atelier 14 \u00e0s 18h \u2013 Aula Demonstrativa Gratuita (SASHICO \u2013 Grupo Nipocultura) 14 \u00e0s 14:40h \u2013 Aula Demonstrativa Gratuita &#8211; Espa\u00e7o Bonecar \u2013 ROSTINHO E CABELO DE BONECA, com Day Carlson do Atelier Cora\u00e7\u00e3o de Pano 15 \u00e0s 16h \u2013 Roda de conversa \u2013 BONECAR \u2013 Convidadas: Bonequeiras Expositoras Floripa Quilt 2025 15 \u00e0s 16h &#8211; Aula Demonstrativa Gratuita \u2013 Espa\u00e7o Arte T\u00eaxtil \u2013 LOG CABIN, com J\u00fania Pereira 16 \u00e0s 16:40h \u2013 Aula Demonstrativa Gratuita &#8211; Espa\u00e7o Bonecar \u2013 ROSTINHO MODELADO F\u00c1CIL, com Viviane Santos do Bonecas da Vivi 18h \u2013 Visita guiada \u00e0 Casa de Cultura, em Santo Ant\u00f4nio de Lisboa, Exposi\u00e7\u00e3o IMAGINANCIAS SUL AMERICANAS 02\/05\/2025 \u2013 (sexta) 8 \u00e0s 21h \u2013 Cursos e Oficinas (informa\u00e7\u00f5es clique aqui) 11 \u00e0s 18h \u2013 Feira de Produtos e M\u00e1quinas 11 \u00e0s 18h \u2013 Exposi\u00e7\u00f5es: RETALHOS \u2013 UMA COSTURA DE MOMENTO, SARAH LUISE KAMINSKI, LUGAR ONDE VIVO \u2013 CAUSOS E PERSONAGENS, CASAS A\u00c7ORIANAS, CORS\u00c9 \u2013 MAIS QUE UMA VESTIMENTA, CONCURSOS 11 \u00e0s 14h \u2013 Demonstra\u00e7\u00e3o (BAINHAS ABERTAS e BORDADO \u00c0 M\u00c0QUINA \u2013 Escola Profissional Feminina de S\u00e3o Jos\u00e9) 13 \u00e0s 13:40h \u2013 Aula Demonstrativa Gratuita &#8211; Espa\u00e7o Bonecar \u2013 DOIS SEGREDINHOS PARA DEIXAR OS PESCO\u00c7OS DE SUAS BONECAS FIRMES, com Lilian Cavalari da Lilian Atelier 13 \u00e0s 14h \u2013 Aula Demonstrativa Gratuita &#8211; Espa\u00e7o Arte T\u00eaxtil \u2013 FOUNDATION, com Lizete Horn 14 \u00e0s 15h \u2013 Roda de Conversa \u2013 CONVERSA DE COMADRE \u2013 Convidadas: Michele Menezes Weickert, Fabiane Ribeiro 14 \u00e0s 15h \u2013 Aula Demonstrativa Gratuita &#8211; Espa\u00e7o Bonecar \u2013 PINTURA DE ROSTINHO \u2013 GUIA PR\u00c1TICO PARA COME\u00c7AR, com N\u00e9lida Menezes do Atelier Tutuka Baby 14:30 \u00e0s 17:30h \u2013 Aula Demonstrativa Gratuita (SASHICO \u2013 Grupo Nipocultura) 15 \u00e0s 16h \u2013 Aula Demonstrativa Gratuita &#8211; Espa\u00e7o Bonecar \u2013 URSINHO ALFINETEIRO, com Valeska Fraga da Tissu Studio 15 \u00e0s 17h \u2013 Oficina Gratuita \u2013 Espa\u00e7o Arte T\u00eaxtil \u2013 CROCH\u00ca (10 vagas \u2013 inscri\u00e7\u00e3o 1 hora antes por ordem de chegada) com Amorino Fios 16 \u00e0s 17h \u2013 Aula Demonstrativa Gratuita \u2013 Espa\u00e7o Bonecar \u2013 DEMONSTRA\u00c7\u00c3O DOS ACABAMENTOS DO BROCHE DOLL, com M\u00e1rcio Massad do Pequeno Massad 03\/05\/2025 \u2013 (s\u00e1bado) 8 \u00e0s 17h \u2013 Cursos e Oficinas (informa\u00e7\u00f5es clique aqui) 11 \u00e0s 18h \u2013 Feira de Produtos e M\u00e1quinas 11 \u00e0s 18h \u2013 Exposi\u00e7\u00f5es: RETALHOS \u2013 UMA COSTURA DE MOMENTO, SARAH LUISE KAMINSKI, LUGAR ONDE VIVO \u2013 CAUSOS E PERSONAGENS, CASAS A\u00c7ORIANAS, CORS\u00c9 \u2013 MAIS QUE UMA VESTIMENTA, CONCURSOS 11:00 \u00e0s 12:00h \u2013 Oficina Gratuita &#8211; Espa\u00e7o Arte T\u00eaxtil \u2013 OFICINA INFANTIL GRAMPINHO ROSINHAS DA TILDA (10 vagas \u2013 inscri\u00e7\u00e3o 1 hora antes por ordem de chegada), com Paula Adriana do Art\u2019Minha Atelier 11 \u00e0s 17h &#8211; Demonstra\u00e7\u00e3o com as RENDEIRAS DA ILHA 11 \u00e0s 17h &#8211; Bordando com as ARTEIRAS DO SOMAR (Garopaba) 13 \u00e0s 14h \u2013 Oficina Gratuita \u2013 Espa\u00e7o Bonecar &#8211; BONECA ALFINETEIRO, com Marine Heil (10 vagas \u2013 inscri\u00e7\u00e3o 1 hora antes por ordem de chegada) 14 \u00e0s 17h \u2013 Oficina Gratuita \u2013 Sala 4 \u2013 CROCH\u00ca (20 vagas \u2013 inscri\u00e7\u00e3o 1 hora antes por ordem de chegada) com Amorino Fios 14:30 \u00e0s 15:30h \u2013 Aula Demonstrativa Gratuita &#8211; Espa\u00e7o Bonecar \u2013 MONTAGEM DE UMA BONECA ARTICULADA, com Viviane Santos do Bonecas da Vivi 15 \u00e0s 16h \u2013 Roda de Conversa \u2013 DO TRADICIONAL AO ART\u00cdSTICO, convidadas: Sandra Makowiecky, Elke Hulse, Vicky D\u2019Alto, Anemari Schefer 18h \u2013 Cerim\u00f4nia de Encerramento EVENTOS PARALELOS Exposi\u00e7\u00e3o LAS BALCONADAS Local: ESPA\u00c7O [&hellip;]<\/p>\n","protected":false},"author":29,"featured_media":0,"parent":0,"menu_order":0,"comment_status":"closed","ping_status":"closed","template":"","meta":{"_monsterinsights_skip_tracking":false,"_monsterinsights_sitenote_active":false,"_monsterinsights_sitenote_note":"","_monsterinsights_sitenote_category":0,"_uf_show_specific_survey":0,"_uf_disable_surveys":false,"footnotes":""},"class_list":["post-11067","page","type-page","status-publish","hentry"],"acf":[],"yoast_head":"<!-- This site is optimized with the Yoast SEO plugin v28.4 - https:\/\/yoast.com\/product\/yoast-seo-wordpress\/ -->\n<title>PROGRAMA\u00c7\u00c3O GERAL - Floripa Quilt<\/title>\n<meta name=\"robots\" content=\"index, follow, max-snippet:-1, max-image-preview:large, max-video-preview:-1\" \/>\n<link rel=\"canonical\" href=\"https:\/\/floripaquilt.com.br\/2025\/programacao-geral\/\" \/>\n<meta property=\"og:locale\" content=\"pt_BR\" \/>\n<meta property=\"og:type\" content=\"article\" \/>\n<meta property=\"og:title\" content=\"PROGRAMA\u00c7\u00c3O GERAL - Floripa Quilt\" \/>\n<meta property=\"og:description\" content=\"SESC CACUP\u00c9 28\/04\/2025 (segunda) 8 \u00e0s 20h \u2013 Julgamento dos Concursos (Quilts, Arte T\u00eaxtil e Bonecas de Pano) 29\/04\/2025 (ter\u00e7a) 8 \u00e0s 20h \u2013 Julgamento dos Concursos (Quilts, Arte T\u00eaxtil e Bonecas de Pano) 14 \u00e0s 20h \u2013 Cursos e Oficinas (informa\u00e7\u00f5es clique aqui) 30\/04\/2025 (quarta) 8 \u00e0s 20h \u2013 Cursos e Oficinas (informa\u00e7\u00f5es clique aqui) 11h \u2013 Cerim\u00f4nia de Abertura com apresenta\u00e7\u00e3o cultural (RENDEIRAS DA ILHA) 11 \u00e0s 18h \u2013 Feira de Produtos e M\u00e1quinas 11 \u00e0s 18h \u2013 Exposi\u00e7\u00f5es: RETALHOS \u2013 UMA COSTURA DE MOMENTO, SARAH LUISE KAMINSKI, LUGAR ONDE VIVO \u2013 CAUSOS E PERSONAGENS, CASAS A\u00c7ORIANAS, CORS\u00c9 \u2013 MAIS QUE UMA VESTIMENTA, CONCURSOS 11 \u00e0s 17h \u2013 Aula Demonstrativa Gratuita (SASHICO \u2013 Grupo Nipocultura) 13:30 \u00e0s 14:30h \u2013 Aula Demonstrativa Gratuita &#8211; Espa\u00e7o Bonecar \u2013 MODELAGEM DE UMA CABE\u00c7A DE BONECA NO ESTILO SOFT, com M\u00e1rcia Imbrois da Oficina da Malu 13:30 as 14:30h \u2013 Aula Demonstrativa Gratuita \u2013 Espa\u00e7o Arte T\u00eaxtil \u2013 CRAZY, com Adriana Sleutejes 14 \u00e0s 16h \u2013 Oficina Gratuita \u2013 Sala 4 \u2013 CROCH\u00ca (20 vagas \u2013 inscri\u00e7\u00e3o 1 hora antes por ordem de chegada) com Amorino Fios 15h \u2013 Roda de Conversa \u2013 ARTE T\u00caXTIL VEST\u00cdVEL \u2013 Convidadas: Adriana Sleutejes, Mara R\u00fabia Sant&#8217;Anna, Neide Schulte, Adriana Montanheiro 15 \u00e0s 15:30h \u2013 Aula Demonstrativa Gratuita &#8211; Espa\u00e7o Bonecar \u2013 ROSTINHO E CABELO DE BONECA, com Day Carlson do Atelier Cora\u00e7\u00e3o de Pano 15 \u00e0s 15:40h \u2013 Aula Demonstrativa Gratuita &#8211; Espa\u00e7o Arte T\u00eaxtil \u2013 BOLAS Y FORMAS (feltragem), com Marisol Romero do Atelier Marisol R. Atelier 16 \u00e0s 16:40h \u2013 Aula Demonstrativa Gratuita &#8211; Espa\u00e7o Bonecar \u2013 INTRODU\u00c7\u00c3O AO M\u00c9TODO DE PINTURA DE ROSTINHOS DE BONECAS, com Naiara Ferrarin do Nanica Ateli\u00ea 16:30h \u2013 Lan\u00e7amento do livro ZANG\u00c3O ZEZ\u00c9, com a presen\u00e7a da escritora Rosane Cordeiro 17h \u2013 Cerim\u00f4nia de Premia\u00e7\u00e3o dos Concursos (QUILTS, ARTE T\u00caXTIL E BONECAS DE PANO) 01\/05\/2025 &#8211; (quinta) 8 \u00e0s 20h \u2013 Cursos e Oficinas (informa\u00e7\u00f5es clique aqui) 11h \u2013 Apresenta\u00e7\u00e3o cultural (GRUPO AMIGOS DO TEMPO \u2013 Coordena\u00e7\u00e3o de Luiz Carlos Senna &#8211; Repert\u00f3rio de m\u00fasicas de Florian\u00f3polis) 11 \u00e0s 18h \u2013 Feira de Produtos e M\u00e1quinas 11 \u00e0s 18h \u2013 Exposi\u00e7\u00f5es: RETALHOS \u2013 UMA COSTURA DE MOMENTO, SARAH LUISE KAMINSKI, LUGAR ONDE VIVO \u2013 CAUSOS E PERSONAGENS, CASAS A\u00c7ORIANAS, CORS\u00c9 \u2013 MAIS QUE UMA VESTIMENTA, CONCURSOS 11 \u00e0s 14h \u2013 Demonstra\u00e7\u00e3o de tear, com a artista ELKE HULSE. 11 \u00e0s 12h \u2013 Oficina Gratuita Infantil &#8211; Espa\u00e7o Bonecar \u2013 OFICINA DE BONECOS(AS) PARA CRIAN\u00c7AS (10 vagas \u2013 inscri\u00e7\u00e3o 1 hora antes por ordem de chegada) com Naiara Ferrarin do Nanica Ateli\u00ea 13 \u00e0s 13:40h \u2013 Aula Demonstrativa Gratuita &#8211; Espa\u00e7o Bonecar \u2013 CABELO TILDA, com Paula Adriana do Art\u2019Minha Atelier 14 \u00e0s 18h \u2013 Aula Demonstrativa Gratuita (SASHICO \u2013 Grupo Nipocultura) 14 \u00e0s 14:40h \u2013 Aula Demonstrativa Gratuita &#8211; Espa\u00e7o Bonecar \u2013 ROSTINHO E CABELO DE BONECA, com Day Carlson do Atelier Cora\u00e7\u00e3o de Pano 15 \u00e0s 16h \u2013 Roda de conversa \u2013 BONECAR \u2013 Convidadas: Bonequeiras Expositoras Floripa Quilt 2025 15 \u00e0s 16h &#8211; Aula Demonstrativa Gratuita \u2013 Espa\u00e7o Arte T\u00eaxtil \u2013 LOG CABIN, com J\u00fania Pereira 16 \u00e0s 16:40h \u2013 Aula Demonstrativa Gratuita &#8211; Espa\u00e7o Bonecar \u2013 ROSTINHO MODELADO F\u00c1CIL, com Viviane Santos do Bonecas da Vivi 18h \u2013 Visita guiada \u00e0 Casa de Cultura, em Santo Ant\u00f4nio de Lisboa, Exposi\u00e7\u00e3o IMAGINANCIAS SUL AMERICANAS 02\/05\/2025 \u2013 (sexta) 8 \u00e0s 21h \u2013 Cursos e Oficinas (informa\u00e7\u00f5es clique aqui) 11 \u00e0s 18h \u2013 Feira de Produtos e M\u00e1quinas 11 \u00e0s 18h \u2013 Exposi\u00e7\u00f5es: RETALHOS \u2013 UMA COSTURA DE MOMENTO, SARAH LUISE KAMINSKI, LUGAR ONDE VIVO \u2013 CAUSOS E PERSONAGENS, CASAS A\u00c7ORIANAS, CORS\u00c9 \u2013 MAIS QUE UMA VESTIMENTA, CONCURSOS 11 \u00e0s 14h \u2013 Demonstra\u00e7\u00e3o (BAINHAS ABERTAS e BORDADO \u00c0 M\u00c0QUINA \u2013 Escola Profissional Feminina de S\u00e3o Jos\u00e9) 13 \u00e0s 13:40h \u2013 Aula Demonstrativa Gratuita &#8211; Espa\u00e7o Bonecar \u2013 DOIS SEGREDINHOS PARA DEIXAR OS PESCO\u00c7OS DE SUAS BONECAS FIRMES, com Lilian Cavalari da Lilian Atelier 13 \u00e0s 14h \u2013 Aula Demonstrativa Gratuita &#8211; Espa\u00e7o Arte T\u00eaxtil \u2013 FOUNDATION, com Lizete Horn 14 \u00e0s 15h \u2013 Roda de Conversa \u2013 CONVERSA DE COMADRE \u2013 Convidadas: Michele Menezes Weickert, Fabiane Ribeiro 14 \u00e0s 15h \u2013 Aula Demonstrativa Gratuita &#8211; Espa\u00e7o Bonecar \u2013 PINTURA DE ROSTINHO \u2013 GUIA PR\u00c1TICO PARA COME\u00c7AR, com N\u00e9lida Menezes do Atelier Tutuka Baby 14:30 \u00e0s 17:30h \u2013 Aula Demonstrativa Gratuita (SASHICO \u2013 Grupo Nipocultura) 15 \u00e0s 16h \u2013 Aula Demonstrativa Gratuita &#8211; Espa\u00e7o Bonecar \u2013 URSINHO ALFINETEIRO, com Valeska Fraga da Tissu Studio 15 \u00e0s 17h \u2013 Oficina Gratuita \u2013 Espa\u00e7o Arte T\u00eaxtil \u2013 CROCH\u00ca (10 vagas \u2013 inscri\u00e7\u00e3o 1 hora antes por ordem de chegada) com Amorino Fios 16 \u00e0s 17h \u2013 Aula Demonstrativa Gratuita \u2013 Espa\u00e7o Bonecar \u2013 DEMONSTRA\u00c7\u00c3O DOS ACABAMENTOS DO BROCHE DOLL, com M\u00e1rcio Massad do Pequeno Massad 03\/05\/2025 \u2013 (s\u00e1bado) 8 \u00e0s 17h \u2013 Cursos e Oficinas (informa\u00e7\u00f5es clique aqui) 11 \u00e0s 18h \u2013 Feira de Produtos e M\u00e1quinas 11 \u00e0s 18h \u2013 Exposi\u00e7\u00f5es: RETALHOS \u2013 UMA COSTURA DE MOMENTO, SARAH LUISE KAMINSKI, LUGAR ONDE VIVO \u2013 CAUSOS E PERSONAGENS, CASAS A\u00c7ORIANAS, CORS\u00c9 \u2013 MAIS QUE UMA VESTIMENTA, CONCURSOS 11:00 \u00e0s 12:00h \u2013 Oficina Gratuita &#8211; Espa\u00e7o Arte T\u00eaxtil \u2013 OFICINA INFANTIL GRAMPINHO ROSINHAS DA TILDA (10 vagas \u2013 inscri\u00e7\u00e3o 1 hora antes por ordem de chegada), com Paula Adriana do Art\u2019Minha Atelier 11 \u00e0s 17h &#8211; Demonstra\u00e7\u00e3o com as RENDEIRAS DA ILHA 11 \u00e0s 17h &#8211; Bordando com as ARTEIRAS DO SOMAR (Garopaba) 13 \u00e0s 14h \u2013 Oficina Gratuita \u2013 Espa\u00e7o Bonecar &#8211; BONECA ALFINETEIRO, com Marine Heil (10 vagas \u2013 inscri\u00e7\u00e3o 1 hora antes por ordem de chegada) 14 \u00e0s 17h \u2013 Oficina Gratuita \u2013 Sala 4 \u2013 CROCH\u00ca (20 vagas \u2013 inscri\u00e7\u00e3o 1 hora antes por ordem de chegada) com Amorino Fios 14:30 \u00e0s 15:30h \u2013 Aula Demonstrativa Gratuita &#8211; Espa\u00e7o Bonecar \u2013 MONTAGEM DE UMA BONECA ARTICULADA, com Viviane Santos do Bonecas da Vivi 15 \u00e0s 16h \u2013 Roda de Conversa \u2013 DO TRADICIONAL AO ART\u00cdSTICO, convidadas: Sandra Makowiecky, Elke Hulse, Vicky D\u2019Alto, Anemari Schefer 18h \u2013 Cerim\u00f4nia de Encerramento EVENTOS PARALELOS Exposi\u00e7\u00e3o LAS BALCONADAS Local: ESPA\u00c7O [&hellip;]\" \/>\n<meta property=\"og:url\" content=\"https:\/\/floripaquilt.com.br\/2025\/programacao-geral\/\" \/>\n<meta property=\"og:site_name\" content=\"Floripa Quilt\" \/>\n<meta property=\"article:modified_time\" content=\"2025-04-26T01:20:21+00:00\" \/>\n<meta name=\"twitter:card\" content=\"summary_large_image\" \/>\n<meta name=\"twitter:label1\" content=\"Est. tempo de leitura\" \/>\n\t<meta name=\"twitter:data1\" content=\"6 minutos\" \/>\n<script type=\"application\/ld+json\" class=\"yoast-schema-graph\">{\"@context\":\"https:\\\/\\\/schema.org\",\"@graph\":[{\"@type\":\"WebPage\",\"@id\":\"https:\\\/\\\/floripaquilt.com.br\\\/2025\\\/programacao-geral\\\/\",\"url\":\"https:\\\/\\\/floripaquilt.com.br\\\/2025\\\/programacao-geral\\\/\",\"name\":\"PROGRAMA\u00c7\u00c3O GERAL - Floripa Quilt\",\"isPartOf\":{\"@id\":\"https:\\\/\\\/floripaquilt.com.br\\\/2025\\\/#website\"},\"datePublished\":\"2025-04-23T13:57:00+00:00\",\"dateModified\":\"2025-04-26T01:20:21+00:00\",\"breadcrumb\":{\"@id\":\"https:\\\/\\\/floripaquilt.com.br\\\/2025\\\/programacao-geral\\\/#breadcrumb\"},\"inLanguage\":\"pt-BR\",\"potentialAction\":[{\"@type\":\"ReadAction\",\"target\":[\"https:\\\/\\\/floripaquilt.com.br\\\/2025\\\/programacao-geral\\\/\"]}]},{\"@type\":\"BreadcrumbList\",\"@id\":\"https:\\\/\\\/floripaquilt.com.br\\\/2025\\\/programacao-geral\\\/#breadcrumb\",\"itemListElement\":[{\"@type\":\"ListItem\",\"position\":1,\"name\":\"In\u00edcio\",\"item\":\"https:\\\/\\\/floripaquilt.com.br\\\/2025\\\/\"},{\"@type\":\"ListItem\",\"position\":2,\"name\":\"PROGRAMA\u00c7\u00c3O GERAL\"}]},{\"@type\":\"WebSite\",\"@id\":\"https:\\\/\\\/floripaquilt.com.br\\\/2025\\\/#website\",\"url\":\"https:\\\/\\\/floripaquilt.com.br\\\/2025\\\/\",\"name\":\"Floripa Quilt\",\"description\":\"Floripa Quilt 2025 - 12\u00ba Festival de Patchwork - Arte T\u00eaxtil\",\"publisher\":{\"@id\":\"https:\\\/\\\/floripaquilt.com.br\\\/2025\\\/#organization\"},\"potentialAction\":[{\"@type\":\"SearchAction\",\"target\":{\"@type\":\"EntryPoint\",\"urlTemplate\":\"https:\\\/\\\/floripaquilt.com.br\\\/2025\\\/?s={search_term_string}\"},\"query-input\":{\"@type\":\"PropertyValueSpecification\",\"valueRequired\":true,\"valueName\":\"search_term_string\"}}],\"inLanguage\":\"pt-BR\"},{\"@type\":\"Organization\",\"@id\":\"https:\\\/\\\/floripaquilt.com.br\\\/2025\\\/#organization\",\"name\":\"Floripa Quilt\",\"url\":\"https:\\\/\\\/floripaquilt.com.br\\\/2025\\\/\",\"logo\":{\"@type\":\"ImageObject\",\"inLanguage\":\"pt-BR\",\"@id\":\"https:\\\/\\\/floripaquilt.com.br\\\/2025\\\/#\\\/schema\\\/logo\\\/image\\\/\",\"url\":\"https:\\\/\\\/floripaquilt.com.br\\\/2025\\\/wp-content\\\/uploads\\\/2024\\\/08\\\/cropped-Sem-titulo-15.png\",\"contentUrl\":\"https:\\\/\\\/floripaquilt.com.br\\\/2025\\\/wp-content\\\/uploads\\\/2024\\\/08\\\/cropped-Sem-titulo-15.png\",\"width\":3938,\"height\":669,\"caption\":\"Floripa Quilt\"},\"image\":{\"@id\":\"https:\\\/\\\/floripaquilt.com.br\\\/2025\\\/#\\\/schema\\\/logo\\\/image\\\/\"}}]}<\/script>\n<!-- \/ Yoast SEO plugin. -->","yoast_head_json":{"title":"PROGRAMA\u00c7\u00c3O GERAL - Floripa Quilt","robots":{"index":"index","follow":"follow","max-snippet":"max-snippet:-1","max-image-preview":"max-image-preview:large","max-video-preview":"max-video-preview:-1"},"canonical":"https:\/\/floripaquilt.com.br\/2025\/programacao-geral\/","og_locale":"pt_BR","og_type":"article","og_title":"PROGRAMA\u00c7\u00c3O GERAL - Floripa Quilt","og_description":"SESC CACUP\u00c9 28\/04\/2025 (segunda) 8 \u00e0s 20h \u2013 Julgamento dos Concursos (Quilts, Arte T\u00eaxtil e Bonecas de Pano) 29\/04\/2025 (ter\u00e7a) 8 \u00e0s 20h \u2013 Julgamento dos Concursos (Quilts, Arte T\u00eaxtil e Bonecas de Pano) 14 \u00e0s 20h \u2013 Cursos e Oficinas (informa\u00e7\u00f5es clique aqui) 30\/04\/2025 (quarta) 8 \u00e0s 20h \u2013 Cursos e Oficinas (informa\u00e7\u00f5es clique aqui) 11h \u2013 Cerim\u00f4nia de Abertura com apresenta\u00e7\u00e3o cultural (RENDEIRAS DA ILHA) 11 \u00e0s 18h \u2013 Feira de Produtos e M\u00e1quinas 11 \u00e0s 18h \u2013 Exposi\u00e7\u00f5es: RETALHOS \u2013 UMA COSTURA DE MOMENTO, SARAH LUISE KAMINSKI, LUGAR ONDE VIVO \u2013 CAUSOS E PERSONAGENS, CASAS A\u00c7ORIANAS, CORS\u00c9 \u2013 MAIS QUE UMA VESTIMENTA, CONCURSOS 11 \u00e0s 17h \u2013 Aula Demonstrativa Gratuita (SASHICO \u2013 Grupo Nipocultura) 13:30 \u00e0s 14:30h \u2013 Aula Demonstrativa Gratuita &#8211; Espa\u00e7o Bonecar \u2013 MODELAGEM DE UMA CABE\u00c7A DE BONECA NO ESTILO SOFT, com M\u00e1rcia Imbrois da Oficina da Malu 13:30 as 14:30h \u2013 Aula Demonstrativa Gratuita \u2013 Espa\u00e7o Arte T\u00eaxtil \u2013 CRAZY, com Adriana Sleutejes 14 \u00e0s 16h \u2013 Oficina Gratuita \u2013 Sala 4 \u2013 CROCH\u00ca (20 vagas \u2013 inscri\u00e7\u00e3o 1 hora antes por ordem de chegada) com Amorino Fios 15h \u2013 Roda de Conversa \u2013 ARTE T\u00caXTIL VEST\u00cdVEL \u2013 Convidadas: Adriana Sleutejes, Mara R\u00fabia Sant&#8217;Anna, Neide Schulte, Adriana Montanheiro 15 \u00e0s 15:30h \u2013 Aula Demonstrativa Gratuita &#8211; Espa\u00e7o Bonecar \u2013 ROSTINHO E CABELO DE BONECA, com Day Carlson do Atelier Cora\u00e7\u00e3o de Pano 15 \u00e0s 15:40h \u2013 Aula Demonstrativa Gratuita &#8211; Espa\u00e7o Arte T\u00eaxtil \u2013 BOLAS Y FORMAS (feltragem), com Marisol Romero do Atelier Marisol R. Atelier 16 \u00e0s 16:40h \u2013 Aula Demonstrativa Gratuita &#8211; Espa\u00e7o Bonecar \u2013 INTRODU\u00c7\u00c3O AO M\u00c9TODO DE PINTURA DE ROSTINHOS DE BONECAS, com Naiara Ferrarin do Nanica Ateli\u00ea 16:30h \u2013 Lan\u00e7amento do livro ZANG\u00c3O ZEZ\u00c9, com a presen\u00e7a da escritora Rosane Cordeiro 17h \u2013 Cerim\u00f4nia de Premia\u00e7\u00e3o dos Concursos (QUILTS, ARTE T\u00caXTIL E BONECAS DE PANO) 01\/05\/2025 &#8211; (quinta) 8 \u00e0s 20h \u2013 Cursos e Oficinas (informa\u00e7\u00f5es clique aqui) 11h \u2013 Apresenta\u00e7\u00e3o cultural (GRUPO AMIGOS DO TEMPO \u2013 Coordena\u00e7\u00e3o de Luiz Carlos Senna &#8211; Repert\u00f3rio de m\u00fasicas de Florian\u00f3polis) 11 \u00e0s 18h \u2013 Feira de Produtos e M\u00e1quinas 11 \u00e0s 18h \u2013 Exposi\u00e7\u00f5es: RETALHOS \u2013 UMA COSTURA DE MOMENTO, SARAH LUISE KAMINSKI, LUGAR ONDE VIVO \u2013 CAUSOS E PERSONAGENS, CASAS A\u00c7ORIANAS, CORS\u00c9 \u2013 MAIS QUE UMA VESTIMENTA, CONCURSOS 11 \u00e0s 14h \u2013 Demonstra\u00e7\u00e3o de tear, com a artista ELKE HULSE. 11 \u00e0s 12h \u2013 Oficina Gratuita Infantil &#8211; Espa\u00e7o Bonecar \u2013 OFICINA DE BONECOS(AS) PARA CRIAN\u00c7AS (10 vagas \u2013 inscri\u00e7\u00e3o 1 hora antes por ordem de chegada) com Naiara Ferrarin do Nanica Ateli\u00ea 13 \u00e0s 13:40h \u2013 Aula Demonstrativa Gratuita &#8211; Espa\u00e7o Bonecar \u2013 CABELO TILDA, com Paula Adriana do Art\u2019Minha Atelier 14 \u00e0s 18h \u2013 Aula Demonstrativa Gratuita (SASHICO \u2013 Grupo Nipocultura) 14 \u00e0s 14:40h \u2013 Aula Demonstrativa Gratuita &#8211; Espa\u00e7o Bonecar \u2013 ROSTINHO E CABELO DE BONECA, com Day Carlson do Atelier Cora\u00e7\u00e3o de Pano 15 \u00e0s 16h \u2013 Roda de conversa \u2013 BONECAR \u2013 Convidadas: Bonequeiras Expositoras Floripa Quilt 2025 15 \u00e0s 16h &#8211; Aula Demonstrativa Gratuita \u2013 Espa\u00e7o Arte T\u00eaxtil \u2013 LOG CABIN, com J\u00fania Pereira 16 \u00e0s 16:40h \u2013 Aula Demonstrativa Gratuita &#8211; Espa\u00e7o Bonecar \u2013 ROSTINHO MODELADO F\u00c1CIL, com Viviane Santos do Bonecas da Vivi 18h \u2013 Visita guiada \u00e0 Casa de Cultura, em Santo Ant\u00f4nio de Lisboa, Exposi\u00e7\u00e3o IMAGINANCIAS SUL AMERICANAS 02\/05\/2025 \u2013 (sexta) 8 \u00e0s 21h \u2013 Cursos e Oficinas (informa\u00e7\u00f5es clique aqui) 11 \u00e0s 18h \u2013 Feira de Produtos e M\u00e1quinas 11 \u00e0s 18h \u2013 Exposi\u00e7\u00f5es: RETALHOS \u2013 UMA COSTURA DE MOMENTO, SARAH LUISE KAMINSKI, LUGAR ONDE VIVO \u2013 CAUSOS E PERSONAGENS, CASAS A\u00c7ORIANAS, CORS\u00c9 \u2013 MAIS QUE UMA VESTIMENTA, CONCURSOS 11 \u00e0s 14h \u2013 Demonstra\u00e7\u00e3o (BAINHAS ABERTAS e BORDADO \u00c0 M\u00c0QUINA \u2013 Escola Profissional Feminina de S\u00e3o Jos\u00e9) 13 \u00e0s 13:40h \u2013 Aula Demonstrativa Gratuita &#8211; Espa\u00e7o Bonecar \u2013 DOIS SEGREDINHOS PARA DEIXAR OS PESCO\u00c7OS DE SUAS BONECAS FIRMES, com Lilian Cavalari da Lilian Atelier 13 \u00e0s 14h \u2013 Aula Demonstrativa Gratuita &#8211; Espa\u00e7o Arte T\u00eaxtil \u2013 FOUNDATION, com Lizete Horn 14 \u00e0s 15h \u2013 Roda de Conversa \u2013 CONVERSA DE COMADRE \u2013 Convidadas: Michele Menezes Weickert, Fabiane Ribeiro 14 \u00e0s 15h \u2013 Aula Demonstrativa Gratuita &#8211; Espa\u00e7o Bonecar \u2013 PINTURA DE ROSTINHO \u2013 GUIA PR\u00c1TICO PARA COME\u00c7AR, com N\u00e9lida Menezes do Atelier Tutuka Baby 14:30 \u00e0s 17:30h \u2013 Aula Demonstrativa Gratuita (SASHICO \u2013 Grupo Nipocultura) 15 \u00e0s 16h \u2013 Aula Demonstrativa Gratuita &#8211; Espa\u00e7o Bonecar \u2013 URSINHO ALFINETEIRO, com Valeska Fraga da Tissu Studio 15 \u00e0s 17h \u2013 Oficina Gratuita \u2013 Espa\u00e7o Arte T\u00eaxtil \u2013 CROCH\u00ca (10 vagas \u2013 inscri\u00e7\u00e3o 1 hora antes por ordem de chegada) com Amorino Fios 16 \u00e0s 17h \u2013 Aula Demonstrativa Gratuita \u2013 Espa\u00e7o Bonecar \u2013 DEMONSTRA\u00c7\u00c3O DOS ACABAMENTOS DO BROCHE DOLL, com M\u00e1rcio Massad do Pequeno Massad 03\/05\/2025 \u2013 (s\u00e1bado) 8 \u00e0s 17h \u2013 Cursos e Oficinas (informa\u00e7\u00f5es clique aqui) 11 \u00e0s 18h \u2013 Feira de Produtos e M\u00e1quinas 11 \u00e0s 18h \u2013 Exposi\u00e7\u00f5es: RETALHOS \u2013 UMA COSTURA DE MOMENTO, SARAH LUISE KAMINSKI, LUGAR ONDE VIVO \u2013 CAUSOS E PERSONAGENS, CASAS A\u00c7ORIANAS, CORS\u00c9 \u2013 MAIS QUE UMA VESTIMENTA, CONCURSOS 11:00 \u00e0s 12:00h \u2013 Oficina Gratuita &#8211; Espa\u00e7o Arte T\u00eaxtil \u2013 OFICINA INFANTIL GRAMPINHO ROSINHAS DA TILDA (10 vagas \u2013 inscri\u00e7\u00e3o 1 hora antes por ordem de chegada), com Paula Adriana do Art\u2019Minha Atelier 11 \u00e0s 17h &#8211; Demonstra\u00e7\u00e3o com as RENDEIRAS DA ILHA 11 \u00e0s 17h &#8211; Bordando com as ARTEIRAS DO SOMAR (Garopaba) 13 \u00e0s 14h \u2013 Oficina Gratuita \u2013 Espa\u00e7o Bonecar &#8211; BONECA ALFINETEIRO, com Marine Heil (10 vagas \u2013 inscri\u00e7\u00e3o 1 hora antes por ordem de chegada) 14 \u00e0s 17h \u2013 Oficina Gratuita \u2013 Sala 4 \u2013 CROCH\u00ca (20 vagas \u2013 inscri\u00e7\u00e3o 1 hora antes por ordem de chegada) com Amorino Fios 14:30 \u00e0s 15:30h \u2013 Aula Demonstrativa Gratuita &#8211; Espa\u00e7o Bonecar \u2013 MONTAGEM DE UMA BONECA ARTICULADA, com Viviane Santos do Bonecas da Vivi 15 \u00e0s 16h \u2013 Roda de Conversa \u2013 DO TRADICIONAL AO ART\u00cdSTICO, convidadas: Sandra Makowiecky, Elke Hulse, Vicky D\u2019Alto, Anemari Schefer 18h \u2013 Cerim\u00f4nia de Encerramento EVENTOS PARALELOS Exposi\u00e7\u00e3o LAS BALCONADAS Local: ESPA\u00c7O [&hellip;]","og_url":"https:\/\/floripaquilt.com.br\/2025\/programacao-geral\/","og_site_name":"Floripa Quilt","article_modified_time":"2025-04-26T01:20:21+00:00","twitter_card":"summary_large_image","twitter_misc":{"Est. tempo de leitura":"6 minutos"},"schema":{"@context":"https:\/\/schema.org","@graph":[{"@type":"WebPage","@id":"https:\/\/floripaquilt.com.br\/2025\/programacao-geral\/","url":"https:\/\/floripaquilt.com.br\/2025\/programacao-geral\/","name":"PROGRAMA\u00c7\u00c3O GERAL - Floripa Quilt","isPartOf":{"@id":"https:\/\/floripaquilt.com.br\/2025\/#website"},"datePublished":"2025-04-23T13:57:00+00:00","dateModified":"2025-04-26T01:20:21+00:00","breadcrumb":{"@id":"https:\/\/floripaquilt.com.br\/2025\/programacao-geral\/#breadcrumb"},"inLanguage":"pt-BR","potentialAction":[{"@type":"ReadAction","target":["https:\/\/floripaquilt.com.br\/2025\/programacao-geral\/"]}]},{"@type":"BreadcrumbList","@id":"https:\/\/floripaquilt.com.br\/2025\/programacao-geral\/#breadcrumb","itemListElement":[{"@type":"ListItem","position":1,"name":"In\u00edcio","item":"https:\/\/floripaquilt.com.br\/2025\/"},{"@type":"ListItem","position":2,"name":"PROGRAMA\u00c7\u00c3O GERAL"}]},{"@type":"WebSite","@id":"https:\/\/floripaquilt.com.br\/2025\/#website","url":"https:\/\/floripaquilt.com.br\/2025\/","name":"Floripa Quilt","description":"Floripa Quilt 2025 - 12\u00ba Festival de Patchwork - Arte T\u00eaxtil","publisher":{"@id":"https:\/\/floripaquilt.com.br\/2025\/#organization"},"potentialAction":[{"@type":"SearchAction","target":{"@type":"EntryPoint","urlTemplate":"https:\/\/floripaquilt.com.br\/2025\/?s={search_term_string}"},"query-input":{"@type":"PropertyValueSpecification","valueRequired":true,"valueName":"search_term_string"}}],"inLanguage":"pt-BR"},{"@type":"Organization","@id":"https:\/\/floripaquilt.com.br\/2025\/#organization","name":"Floripa Quilt","url":"https:\/\/floripaquilt.com.br\/2025\/","logo":{"@type":"ImageObject","inLanguage":"pt-BR","@id":"https:\/\/floripaquilt.com.br\/2025\/#\/schema\/logo\/image\/","url":"https:\/\/floripaquilt.com.br\/2025\/wp-content\/uploads\/2024\/08\/cropped-Sem-titulo-15.png","contentUrl":"https:\/\/floripaquilt.com.br\/2025\/wp-content\/uploads\/2024\/08\/cropped-Sem-titulo-15.png","width":3938,"height":669,"caption":"Floripa Quilt"},"image":{"@id":"https:\/\/floripaquilt.com.br\/2025\/#\/schema\/logo\/image\/"}}]}},"jetpack_sharing_enabled":true,"_links":{"self":[{"href":"https:\/\/floripaquilt.com.br\/2025\/wp-json\/wp\/v2\/pages\/11067","targetHints":{"allow":["GET"]}}],"collection":[{"href":"https:\/\/floripaquilt.com.br\/2025\/wp-json\/wp\/v2\/pages"}],"about":[{"href":"https:\/\/floripaquilt.com.br\/2025\/wp-json\/wp\/v2\/types\/page"}],"author":[{"embeddable":true,"href":"https:\/\/floripaquilt.com.br\/2025\/wp-json\/wp\/v2\/users\/29"}],"replies":[{"embeddable":true,"href":"https:\/\/floripaquilt.com.br\/2025\/wp-json\/wp\/v2\/comments?post=11067"}],"version-history":[{"count":15,"href":"https:\/\/floripaquilt.com.br\/2025\/wp-json\/wp\/v2\/pages\/11067\/revisions"}],"predecessor-version":[{"id":11116,"href":"https:\/\/floripaquilt.com.br\/2025\/wp-json\/wp\/v2\/pages\/11067\/revisions\/11116"}],"wp:attachment":[{"href":"https:\/\/floripaquilt.com.br\/2025\/wp-json\/wp\/v2\/media?parent=11067"}],"curies":[{"name":"wp","href":"https:\/\/api.w.org\/{rel}","templated":true}]}}